{"id":138,"date":"2023-09-29T14:38:50","date_gmt":"2023-09-29T14:38:50","guid":{"rendered":"http:\/\/localhost\/squarespace\/markjagt-2022\/"},"modified":"2023-10-06T08:33:56","modified_gmt":"2023-10-06T08:33:56","slug":"markjagt-2022","status":"publish","type":"nyevents","link":"https:\/\/staging.softinformsolutions.com\/nyjaeger\/nyevents\/markjagt-2022\/","title":{"rendered":"Markjagt 2022"},"content":{"rendered":"\t\t<div data-elementor-type=\"wp-post\" data-elementor-id=\"138\" class=\"elementor elementor-138\" data-elementor-post-type=\"nyevents\">\n\t\t\t\t\t\t\t<div class=\"elementor-element elementor-element-9ebe0a6 e-con-full e-flex e-con e-parent\" data-id=\"9ebe0a6\" data-element_type=\"container\" data-settings=\"{&quot;content_width&quot;:&quot;full&quot;}\" data-core-v316-plus=\"true\">\n\t\t\t\t<div class=\"elementor-element elementor-element-a49df54 elementor-widget elementor-widget-text-editor\" data-id=\"a49df54\" data-element_type=\"widget\" data-widget_type=\"text-editor.default\">\n\t\t\t\t<div class=\"elementor-widget-container\">\n\t\t\t<style>\/*! elementor - v3.16.0 - 09-10-2023 *\/\n.elementor-widget-text-editor.elementor-drop-cap-view-stacked .elementor-drop-cap{background-color:#69727d;color:#fff}.elementor-widget-text-editor.elementor-drop-cap-view-framed .elementor-drop-cap{color:#69727d;border:3px solid;background-color:transparent}.elementor-widget-text-editor:not(.elementor-drop-cap-view-default) .elementor-drop-cap{margin-top:8px}.elementor-widget-text-editor:not(.elementor-drop-cap-view-default) .elementor-drop-cap-letter{width:1em;height:1em}.elementor-widget-text-editor .elementor-drop-cap{float:left;text-align:center;line-height:1;font-size:50px}.elementor-widget-text-editor .elementor-drop-cap-letter{display:inline-block}<\/style>\t\t\t\tTag med p\u00e5 en hyggelig markjagt med Morten Knudsen fra P\u00e5 jagt med Morten\t\t\t\t\t\t<\/div>\n\t\t\t\t<\/div>\n\t\t\t\t<div class=\"elementor-element elementor-element-cc93f7e elementor-widget elementor-widget-text-editor\" data-id=\"cc93f7e\" data-element_type=\"widget\" data-widget_type=\"text-editor.default\">\n\t\t\t\t<div class=\"elementor-widget-container\">\n\t\t\t\t\t\t\tDer afvikles p\u00e5 denne 250 ha. jagt, kun f\u00e5 markjagter pr s\u00e6son. Der er en st\u00e6rk harejagt og mulighed for fasaner, \u00e6nder, snepper, duer m.m.  Paraden er vanskelig at vurdere, men da jagttrykket er meget lavt, er vurderingen positiv. Vi skyder hvad jagtloven tillader, dog ikke r\u00e5vildt. P\u00e5 sidste \u00e5rs jagt p\u00e5 samme tid blev der skudt 5 harer, 20 fasaner, 10 \u00e6nder. \t\t\t\t\t\t<\/div>\n\t\t\t\t<\/div>\n\t\t\t\t<div class=\"elementor-element elementor-element-9e7cf92 elementor-widget elementor-widget-text-editor\" data-id=\"9e7cf92\" data-element_type=\"widget\" data-widget_type=\"text-editor.default\">\n\t\t\t\t<div class=\"elementor-widget-container\">\n\t\t\t\t\t\t\tProgram for f\u00e6llesjagten\t\t\t\t\t\t<\/div>\n\t\t\t\t<\/div>\n\t\t\t\t<div class=\"elementor-element elementor-element-06d5b6b elementor-widget elementor-widget-text-editor\" data-id=\"06d5b6b\" data-element_type=\"widget\" data-widget_type=\"text-editor.default\">\n\t\t\t\t<div class=\"elementor-widget-container\">\n\t\t\t\t\t\t\t<p><strong>Kl. 9.00<\/strong> M\u00f8des vi til parole p\u00e5 jagten. Herefter jagt p\u00e5 markerne og remisserne p\u00e5 alt jagtbart p\u00e5n\u00e6r r\u00e5vildt, og der m\u00e5 anvendes st\u00e5lhagl. Vi driver 6-8 s\u00e5ter og ca.<\/p>\t\t\t\t\t\t<\/div>\n\t\t\t\t<\/div>\n\t\t\t\t<div class=\"elementor-element elementor-element-3e7a6d4 elementor-widget elementor-widget-text-editor\" data-id=\"3e7a6d4\" data-element_type=\"widget\" data-widget_type=\"text-editor.default\">\n\t\t\t\t<div class=\"elementor-widget-container\">\n\t\t\t\t\t\t\t<p><strong>Kl. 14.00<\/strong> afsluttes jagten med vildtparade. Vi G\u00c5R p\u00e5 jagt hele dagen, og bev\u00e6ger os rundt i terr\u00e6net fra omr\u00e5det til omr\u00e5de. Vildtet ordnes i samarbejde mellem nyj\u00e6gere og de erfarne j\u00e6gere. Vildt fra paraden fordeles ligeligt mellem alle nyj\u00e6gerne.<\/p>\t\t\t\t\t\t<\/div>\n\t\t\t\t<\/div>\n\t\t\t\t<div class=\"elementor-element elementor-element-07a6367 elementor-widget elementor-widget-text-editor\" data-id=\"07a6367\" data-element_type=\"widget\" data-widget_type=\"text-editor.default\">\n\t\t\t\t<div class=\"elementor-widget-container\">\n\t\t\t\t\t\t\t<p id=\"yui_3_17_2_1_1696579787407_765\" class=\"\"><strong>Kl. 14:15<\/strong> frokost med drikkevarer. Efter frokost er dagen slut.<\/p>\t\t\t\t\t\t<\/div>\n\t\t\t\t<\/div>\n\t\t\t\t<div class=\"elementor-element elementor-element-90a5a95 elementor-widget elementor-widget-text-editor\" data-id=\"90a5a95\" data-element_type=\"widget\" data-widget_type=\"text-editor.default\">\n\t\t\t\t<div class=\"elementor-widget-container\">\n\t\t\t\t\t\t\tStemning \t\t\t\t\t\t<\/div>\n\t\t\t\t<\/div>\n\t\t\t\t<div class=\"elementor-element elementor-element-ccda9cb elementor-widget elementor-widget-text-editor\" data-id=\"ccda9cb\" data-element_type=\"widget\" data-widget_type=\"text-editor.default\">\n\t\t\t\t<div class=\"elementor-widget-container\">\n\t\t\t\t\t\t\t<p>Det er meget v\u00e6sentligt, at der er en god stemning. Alle er nye j\u00e6gere, s\u00e5 vi hj\u00e6lper hinanden, alt det vi kan, og vi samler l\u00f8bende op p\u00e5 oplevelserne. Tempoet p\u00e5 jagten er lavt, s\u00e5 vi kan n\u00e5 at f\u00e5 historierne og oplevelserne med. Sikkerheden er i h\u00f8js\u00e6de, og man kan blive bedt om at l\u00e6gge gev\u00e6ret hvis ikke sikkerheden overholdes, og i grelle situationer, sendt hjem. Vi skal gerne alle b\u00e5de ud og hjem i god behold. Vi gl\u00e6der os meget til at g\u00e5 p\u00e5 jagt med jer.<\/p>\t\t\t\t\t\t<\/div>\n\t\t\t\t<\/div>\n\t\t\t\t<div class=\"elementor-element elementor-element-2660b8a elementor-widget elementor-widget-text-editor\" data-id=\"2660b8a\" data-element_type=\"widget\" data-widget_type=\"text-editor.default\">\n\t\t\t\t<div class=\"elementor-widget-container\">\n\t\t\t\t\t\t\t\u00d8konomi\t\t\t\t\t\t<\/div>\n\t\t\t\t<\/div>\n\t\t\t\t<div class=\"elementor-element elementor-element-c6c38ca elementor-widget elementor-widget-text-editor\" data-id=\"c6c38ca\" data-element_type=\"widget\" data-widget_type=\"text-editor.default\">\n\t\t\t\t<div class=\"elementor-widget-container\">\n\t\t\t\t\t\t\tPrisen kr. 2.000 kr,- for jagten. Betalingen d\u00e6kker jagtdeltagelse, andel af nedlagt vildt, morgenmad, frokost og drikkevarer. Ved betaling er tilmeldingen bindende.  Ved afbud frem til en m\u00e5ned f\u00f8r jagt dagen bliver 500 kr returneret, derefter refunderes pengene ikke.\t\t\t\t\t\t<\/div>\n\t\t\t\t<\/div>\n\t\t\t\t<div class=\"elementor-element elementor-element-04b454b elementor-widget elementor-widget-text-editor\" data-id=\"04b454b\" data-element_type=\"widget\" data-widget_type=\"text-editor.default\">\n\t\t\t\t<div class=\"elementor-widget-container\">\n\t\t\t\t\t\t\tTilmelding\t\t\t\t\t\t<\/div>\n\t\t\t\t<\/div>\n\t\t\t\t<div class=\"elementor-element elementor-element-23c6add elementor-widget elementor-widget-text-editor\" data-id=\"23c6add\" data-element_type=\"widget\" data-widget_type=\"text-editor.default\">\n\t\t\t\t<div class=\"elementor-widget-container\">\n\t\t\t\t\t\t\t<p id=\"yui_3_17_2_1_1696579787407_765\" class=\"\">Skriv til <a href=\"mailto:morknud@gmail.com?subject=Markjagt%202022\"><strong>morknud@gmail.com<\/strong><\/a>\u00a0eller tlf. 50440075 \u2013 f\u00f8rst til m\u00f8lle &#8211; pladsen er din n\u00e5r Mobilepay betalingen er registreret. 12 pladser i alt.<\/p>\t\t\t\t\t\t<\/div>\n\t\t\t\t<\/div>\n\t\t\t\t<div class=\"elementor-element elementor-element-265c840 elementor-widget elementor-widget-text-editor\" data-id=\"265c840\" data-element_type=\"widget\" data-widget_type=\"text-editor.default\">\n\t\t\t\t<div class=\"elementor-widget-container\">\n\t\t\t\t\t\t\tM\u00f8dested \t\t\t\t\t\t<\/div>\n\t\t\t\t<\/div>\n\t\t\t\t<div class=\"elementor-element elementor-element-65bed0c elementor-widget elementor-widget-text-editor\" data-id=\"65bed0c\" data-element_type=\"widget\" data-widget_type=\"text-editor.default\">\n\t\t\t\t<div class=\"elementor-widget-container\">\n\t\t\t\t\t\t\t<p id=\"yui_3_17_2_1_1696579787407_765\" class=\"\">T\u00e6t ved Vordingborg &#8211; 1 time fra K\u00f8benhavn H &#8211; adresse tilg\u00e5r ved tilmelding\/betaling<\/p>\t\t\t\t\t\t<\/div>\n\t\t\t\t<\/div>\n\t\t\t\t<\/div>\n\t\t\t\t\t\t\t<\/div>\n\t\t","protected":false},"excerpt":{"rendered":"<p>Tag med p\u00e5 en hyggelig markjagt med Morten Knudsen fra P\u00e5 jagt med Morten<\/p>\n<p>Der afvikles p\u00e5 denne 250 ha. jagt, kun f\u00e5 markjagter pr s\u00e6son. Der er en st\u00e6rk harejagt og mulighed for fasaner, \u00e6nder, snepper, duer m.m. Paraden er vanskelig at vurdere, men da jagttrykket er meget lavt, er vurderingen positiv. Vi skyder hvad jagtloven tillader, dog ikke r\u00e5vildt. P\u00e5 sidste \u00e5rs jagt p\u00e5 samme tid blev der skudt 5 harer, 20 fasaner, 10 \u00e6nder.<\/p>\n","protected":false},"author":1,"featured_media":8769,"comment_status":"closed","ping_status":"closed","template":"","format":"standard","meta":{"footnotes":""},"event_tags":[],"class_list":["post-138","nyevents","type-nyevents","status-publish","format-standard","has-post-thumbnail","hentry"],"acf":{"date":"Saturday, November 5, 2022","time_duration":"09:00 - 15:00","map_text":"Vordingborg","map_address":"","map_url":"http:\/\/maps.google.com?q= Vordingborg","google_calendar_url":"http:\/\/www.google.com\/calendar\/event?action=TEMPLATE&amp;text=Markjagt%202022&amp;dates=20221105T080000Z\/20221105T140000Z&amp;location=Vordingborg","ics_file":9315,"image_overlay":{"overlay_month":"Nov","overlay_date":"5","overlay_end_time":"09:00"}},"_links":{"self":[{"href":"https:\/\/staging.softinformsolutions.com\/nyjaeger\/wp-json\/wp\/v2\/nyevents\/138","targetHints":{"allow":["GET"]}}],"collection":[{"href":"https:\/\/staging.softinformsolutions.com\/nyjaeger\/wp-json\/wp\/v2\/nyevents"}],"about":[{"href":"https:\/\/staging.softinformsolutions.com\/nyjaeger\/wp-json\/wp\/v2\/types\/nyevents"}],"author":[{"embeddable":true,"href":"https:\/\/staging.softinformsolutions.com\/nyjaeger\/wp-json\/wp\/v2\/users\/1"}],"replies":[{"embeddable":true,"href":"https:\/\/staging.softinformsolutions.com\/nyjaeger\/wp-json\/wp\/v2\/comments?post=138"}],"version-history":[{"count":7,"href":"https:\/\/staging.softinformsolutions.com\/nyjaeger\/wp-json\/wp\/v2\/nyevents\/138\/revisions"}],"predecessor-version":[{"id":9843,"href":"https:\/\/staging.softinformsolutions.com\/nyjaeger\/wp-json\/wp\/v2\/nyevents\/138\/revisions\/9843"}],"wp:featuredmedia":[{"embeddable":true,"href":"https:\/\/staging.softinformsolutions.com\/nyjaeger\/wp-json\/wp\/v2\/media\/8769"}],"wp:attachment":[{"href":"https:\/\/staging.softinformsolutions.com\/nyjaeger\/wp-json\/wp\/v2\/media?parent=138"}],"wp:term":[{"taxonomy":"event_tags","embeddable":true,"href":"https:\/\/staging.softinformsolutions.com\/nyjaeger\/wp-json\/wp\/v2\/event_tags?post=138"}],"curies":[{"name":"wp","href":"https:\/\/api.w.org\/{rel}","templated":true}]}}